{"version":"1.0","provider_name":"Ser Asturianu","provider_url":"https:\/\/serasturianu.com\/ast","author_name":"serasturianu","author_url":"https:\/\/serasturianu.com\/ast\/author\/serasturianu\/","title":"Los Cabornos, el reinu de la casta\u00f1al - Ser Asturianu","type":"rich","width":600,"height":338,"html":"<blockquote class=\"wp-embedded-content\" data-secret=\"nlFXjEcYcE\"><a href=\"https:\/\/serasturianu.com\/ast\/2019\/05\/15\/los-cabornos-el-reinu-de-la-castanal\/\">Los Cabornos, el reinu de la casta\u00f1al<\/a><\/blockquote><iframe sandbox=\"allow-scripts\" security=\"restricted\" src=\"https:\/\/serasturianu.com\/ast\/2019\/05\/15\/los-cabornos-el-reinu-de-la-castanal\/embed\/#?secret=nlFXjEcYcE\" width=\"600\" height=\"338\" title=\"&#8220;Los Cabornos, el reinu de la casta\u00f1al&#8221; &#8212; Ser Asturianu\" data-secret=\"nlFXjEcYcE\" frameborder=\"0\" marginwidth=\"0\" marginheight=\"0\" scrolling=\"no\" class=\"wp-embedded-content\"><\/iframe><script type=\"text\/javascript\">\n\/* <![CDATA[ *\/\n\/*! This file is auto-generated *\/\n!function(d,l){\"use strict\";l.querySelector&&d.addEventListener&&\"undefined\"!=typeof URL&&(d.wp=d.wp||{},d.wp.receiveEmbedMessage||(d.wp.receiveEmbedMessage=function(e){var t=e.data;if((t||t.secret||t.message||t.value)&&!\/[^a-zA-Z0-9]\/.test(t.secret)){for(var s,r,n,a=l.querySelectorAll('iframe[data-secret=\"'+t.secret+'\"]'),o=l.querySelectorAll('blockquote[data-secret=\"'+t.secret+'\"]'),c=new RegExp(\"^https?:$\",\"i\"),i=0;i<o.length;i++)o[i].style.display=\"none\";for(i=0;i<a.length;i++)s=a[i],e.source===s.contentWindow&&(s.removeAttribute(\"style\"),\"height\"===t.message?(1e3<(r=parseInt(t.value,10))?r=1e3:~~r<200&&(r=200),s.height=r):\"link\"===t.message&&(r=new URL(s.getAttribute(\"src\")),n=new URL(t.value),c.test(n.protocol))&&n.host===r.host&&l.activeElement===s&&(d.top.location.href=t.value))}},d.addEventListener(\"message\",d.wp.receiveEmbedMessage,!1),l.addEventListener(\"DOMContentLoaded\",function(){for(var e,t,s=l.querySelectorAll(\"iframe.wp-embedded-content\"),r=0;r<s.length;r++)(t=(e=s[r]).getAttribute(\"data-secret\"))||(t=Math.random().toString(36).substring(2,12),e.src+=\"#?secret=\"+t,e.setAttribute(\"data-secret\",t)),e.contentWindow.postMessage({message:\"ready\",secret:t},\"*\")},!1)))}(window,document);\n\/* ]]> *\/\n<\/script>","thumbnail_url":"https:\/\/i0.wp.com\/serasturianu.com\/wp-content\/uploads\/2019\/05\/0.png?fit=1000%2C668&ssl=1","thumbnail_width":1000,"thumbnail_height":668,"description":"Asitiada nel Parque Natural de Redes, la ruta de Los Cabornos ye un pas\u00e9u de cuasi dos hores per \u00fan de los sotos de casta\u00f1ales centenaries m\u00e1s representativos del valle del Nal\u00f3n. Asturies ye la mancha de casta\u00f1ales m\u00e1s grande &hellip; Read More"}